{"id":87,"date":"2019-07-03T18:00:50","date_gmt":"2019-07-03T16:00:50","guid":{"rendered":"http:\/\/asomistelbach.ac.at\/asomi\/?post_type=course&#038;p=87"},"modified":"2024-05-28T15:35:31","modified_gmt":"2024-05-28T13:35:31","slug":"unser-schulgarten","status":"publish","type":"course","link":"https:\/\/asomistelbach.ac.at\/asomi\/course\/unser-schulgarten\/","title":{"rendered":"Unser Schulgarten"},"content":{"rendered":"<p>Unter dem Titel \u201eProjekt Schulfreiraum\u201c wurde 2019 der Schulgarten der ASO Mistelbach neu gestaltet. Durch die gelungene Zusammenarbeit zwischen dem Team der Sonderschule und dem Nieder\u00f6sterreichischen Spielplatzb\u00fcro (<em>N\u00d6 Familienland<\/em>) sowie durch die gro\u00dfz\u00fcgige Unterst\u00fctzung der Sonderschulgemeinde Mistelbach k\u00f6nnen sich die Sch\u00fclerinnen und Sch\u00fcler nun \u00fcber eine eigene Au\u00dfenfl\u00e4che mit vielen neuen Spielger\u00e4ten freuen.<\/p>\n<p>In zahlreichen Workshops wurden Ideen f\u00fcr die Umgestaltung des bestehenden Schulfreiraums, der inzwischen in die Jahre gekommen war, gesammelt. Dabei war es uns nat\u00fcrlich ein besonderes Anliegen, alle Bed\u00fcrfnisse unserer Sch\u00fclerinnen und Sch\u00fcler gleicherma\u00dfen zu ber\u00fccksichtigen: Freie Fl\u00e4che zum Spielen und Toben f\u00fcr die Einen, ein barrierefreier Zugang zu den Spielger\u00e4ten f\u00fcr die Anderen. Auch bei den Ger\u00e4ten wurde die Auswahl sorgf\u00e4ltig \u00fcberlegt, um nicht nur den j\u00fcngeren Kindern, sondern auch unseren \u00e4lteren Jugendlichen eine ansprechende Spielfl\u00e4che als Ausgleich zum Unterricht zu bieten.<\/p>\n<p>Das Ergebnis konnte und kann sich sehen lassen: Auf dem begrenzten Raum, welcher der ASO Mistelbach zur Verf\u00fcgung steht, finden sich eine Nestschaukel sowie ein Trampolin und ein gro\u00dfes Kletterhaus aus ansprechendem L\u00e4rchenholz, das zum Spielen Platz bietet oder mitunter auch ein R\u00fcckzugsort sein kann. Besonders beliebt bei unseren Sch\u00fclerinnen und Sch\u00fclern ist die gro\u00dfe Sandkiste, samt Liegefl\u00e4che f\u00fcr unsere nicht mobilen Kinder. Ein Wassertisch und \u00a0ein Brunnen wurden ebenfalls installiert, welche beide auch von einem Rollstuhl aus benutzt werden k\u00f6nnen. Der Kastanienbaum in der Mitte sowie der liebevoll in Eigenregie bepflanzte Rand des Gartens bilden eine \u201egr\u00fcne Erg\u00e4nzung\u201c zu dem Kunstrasen, der vor allem aus Gr\u00fcnden der Barrierefreiheit gelegt werden musste.<\/p>\n<p>Unsere Sch\u00fclerinnen und Sch\u00fcler konnten die Er\u00f6ffnung unseres neuen Gartens gar nicht erwarten. Aufgrund der im Moment vorherrschenden Pandemie-Situation konnte eine dem Anlass entsprechende Feier leider bis heute nicht stattfinden. Trotzdem erfreuen sich die Kinder der Allgemeinen Sonderschule an ihrem Schulgarten und genie\u00dfen die Auszeiten an der frischen Luft!<\/p>\n","protected":false},"excerpt":{"rendered":"<p>Unter dem Titel \u201eProjekt Schulfreiraum\u201c wurde 2019 der Schulgarten der ASO Mistelbach neu gestaltet. Durch die gelungene Zusammenarbeit zwischen dem &hellip; <\/p>\n","protected":false},"featured_media":557,"menu_order":0,"template":"","course-category":[],"class_list":["post-87","course","type-course","status-publish","has-post-thumbnail","hentry","latest_post"],"_links":{"self":[{"href":"https:\/\/asomistelbach.ac.at\/asomi\/wp-json\/wp\/v2\/course\/87","targetHints":{"allow":["GET"]}}],"collection":[{"href":"https:\/\/asomistelbach.ac.at\/asomi\/wp-json\/wp\/v2\/course"}],"about":[{"href":"https:\/\/asomistelbach.ac.at\/asomi\/wp-json\/wp\/v2\/types\/course"}],"wp:featuredmedia":[{"embeddable":true,"href":"https:\/\/asomistelbach.ac.at\/asomi\/wp-json\/wp\/v2\/media\/557"}],"wp:attachment":[{"href":"https:\/\/asomistelbach.ac.at\/asomi\/wp-json\/wp\/v2\/media?parent=87"}],"wp:term":[{"taxonomy":"course-category","embeddable":true,"href":"https:\/\/asomistelbach.ac.at\/asomi\/wp-json\/wp\/v2\/course-category?post=87"}],"curies":[{"name":"wp","href":"https:\/\/api.w.org\/{rel}","templated":true}]}}