{"id":226,"date":"2019-07-04T00:55:14","date_gmt":"2019-07-03T22:55:14","guid":{"rendered":"http:\/\/asomistelbach.ac.at\/asomi\/?page_id=226"},"modified":"2019-07-04T01:53:54","modified_gmt":"2019-07-03T23:53:54","slug":"neuigkeiten","status":"publish","type":"page","link":"https:\/\/asomistelbach.ac.at\/asomi\/neuigkeiten\/","title":{"rendered":"NEUIGKEITEN"},"content":{"rendered":"      <div id=\"post-grid-lazy-235\" class=\"post-grid-lazy\"><img decoding=\"async\" alt=\"\" src=\"\" \/><\/div>\n    <script>\n      jQuery('#post-grid-lazy-235').ready(function($) {\n        $('#post-grid-lazy-235').fadeOut();\n        $('#post-grid-235   ').fadeIn();\n      })\n    <\/script>\n    <style type=\"text\/css\">\n      #post-grid-235 {\n        display: none;\n      }\n\n      .post-grid-lazy {\n        text-align: center;\n      }\n    <\/style>\n    <div data-options='{&quot;id&quot;:&quot;235&quot;,&quot;lazy_load&quot;:&quot;yes&quot;,&quot;masonry_enable&quot;:&quot;yes&quot;,&quot;view_type&quot;:&quot;grid&quot;}' id=\"post-grid-235\" class=\"post-grid grid\">\n    \n\n\n    <div class=\"grid-items\">\n      <div class=\"item item-985 skin flat even 0 \">\n        <div class=\"layer-wrapper layout-\">\n        <div class=\"layer-media\"><img decoding=\"async\" alt=\"\" src=\"https:\/\/asomistelbach.ac.at\/asomi\/wp-content\/uploads\/2026\/02\/image-150x150.png\" \/><\/div>\n  <div class=\"layer-content\">\n        <div class=\"element element_0  title \">\r\n                    <a target=\"\"\r\n                href=\"https:\/\/asomistelbach.ac.at\/asomi\/2026\/02\/12\/wenn-lachen-schule-macht-rote-nasen-begeisterten-unsere-schule\/\">Wenn Lachen Schule macht: Rote Nasen begeisterten unsere Schule<\/a>\r\n            <\/div>\r\n    <div class=\"element element_1  excerpt \">\r\n        Rechtzeitig zur Faschingszeit sorgten die Clowns der Roten Nasen f\u00fcr jede Menge Spa\u00df, Musik und strahlende Kinderaugen.            <\/div>\r\n            <a class=\"element element_2  read_more \"\r\n            target=\"\"\r\n            href=\"https:\/\/asomistelbach.ac.at\/asomi\/2026\/02\/12\/wenn-lachen-schule-macht-rote-nasen-begeisterten-unsere-schule\/\"><\/a>\r\n      <\/div>\n    <\/div>\n  <\/div><div class=\"item item-944 skin flat odd 1 \">\n        <div class=\"layer-wrapper layout-\">\n        <div class=\"layer-media\"><img decoding=\"async\" alt=\"\" src=\"https:\/\/asomistelbach.ac.at\/asomi\/wp-content\/uploads\/2026\/02\/WhatsApp-Bild-2025-12-11-um-13.11.57_d8f9387c-150x150.jpg\" \/><\/div>\n  <div class=\"layer-content\">\n        <div class=\"element element_0  title \">\r\n                    <a target=\"\"\r\n                href=\"https:\/\/asomistelbach.ac.at\/asomi\/2026\/02\/10\/ausfluege-2025-der-1c-und-1d\/\">Ausfl\u00fcge 2025 der 1C und 1D<\/a>\r\n            <\/div>\r\n    <div class=\"element element_1  excerpt \">\r\n        Am Spielplatz \"Wir waren am Generationenspielplatz. Ich mag den Seillift. Das Trampolin ist auch cool. Das Kletterger\u00fcst ist gro\u00df. Es            <\/div>\r\n            <a class=\"element element_2  read_more \"\r\n            target=\"\"\r\n            href=\"https:\/\/asomistelbach.ac.at\/asomi\/2026\/02\/10\/ausfluege-2025-der-1c-und-1d\/\"><\/a>\r\n      <\/div>\n    <\/div>\n  <\/div><div class=\"item item-900 skin flat even 2 \">\n        <div class=\"layer-wrapper layout-\">\n        <div class=\"layer-media\"><img decoding=\"async\" alt=\"\" src=\"https:\/\/asomistelbach.ac.at\/asomi\/wp-content\/uploads\/2025\/12\/Gruppenfoto-NHM_bearbeitet-150x150.jpg\" \/><\/div>\n  <div class=\"layer-content\">\n        <div class=\"element element_0  title \">\r\n                    <a target=\"\"\r\n                href=\"https:\/\/asomistelbach.ac.at\/asomi\/2025\/11\/05\/ausflug-in-die-urzeit\/\">AUSFLUG IN DIE URZEIT<\/a>\r\n            <\/div>\r\n    <div class=\"element element_1  excerpt \">\r\n        Schulausflug ins Naturhistorische Museum gemeinsam mit der Krankenpflegeschule            <\/div>\r\n            <a class=\"element element_2  read_more \"\r\n            target=\"\"\r\n            href=\"https:\/\/asomistelbach.ac.at\/asomi\/2025\/11\/05\/ausflug-in-die-urzeit\/\"><\/a>\r\n      <\/div>\n    <\/div>\n  <\/div><div class=\"item item-896 skin flat odd 3 \">\n        <div class=\"layer-wrapper layout-\">\n        <div class=\"layer-media\"><img decoding=\"async\" src=\"https:\/\/asomistelbach.ac.at\/asomi\/wp-content\/uploads\/2025\/10\/20251016_104915-1024x461.jpg\" \/><\/div>\n  <div class=\"layer-content\">\n        <div class=\"element element_0  title \">\r\n                    <a target=\"\"\r\n                href=\"https:\/\/asomistelbach.ac.at\/asomi\/2025\/10\/16\/dialog-im-dunkeln-wie-es-ist-wenn-man-nichts-sieht\/\">DIALOG IM DUNKELN und LESENACHT<\/a>\r\n            <\/div>\r\n    <div class=\"element element_1  excerpt \">\r\n        Ausflug in die Seestadt Wien 22. \u2013 1 A &amp; 1 B (Bader C., He\u00df B., Ott S., Buchtova R.)            <\/div>\r\n            <a class=\"element element_2  read_more \"\r\n            target=\"\"\r\n            href=\"https:\/\/asomistelbach.ac.at\/asomi\/2025\/10\/16\/dialog-im-dunkeln-wie-es-ist-wenn-man-nichts-sieht\/\"><\/a>\r\n      <\/div>\n    <\/div>\n  <\/div><div class=\"item item-891 skin flat even 4 \">\n        <div class=\"layer-wrapper layout-\">\n        <div class=\"layer-media\"><img decoding=\"async\" alt=\"\" src=\"https:\/\/asomistelbach.ac.at\/asomi\/wp-content\/uploads\/2025\/11\/20251014_151848-150x150.jpg\" \/><\/div>\n  <div class=\"layer-content\">\n        <div class=\"element element_0  title \">\r\n                    <a target=\"\"\r\n                href=\"https:\/\/asomistelbach.ac.at\/asomi\/2025\/10\/14\/wissenschaft-sichtbar-machen\/\">Wissenschaft SICHTBAR machen<\/a>\r\n            <\/div>\r\n    <div class=\"element element_1  excerpt \">\r\n        Exkursion der 1B zum ISTA nach Klosterneuburg im Oktober 2025            <\/div>\r\n            <a class=\"element element_2  read_more \"\r\n            target=\"\"\r\n            href=\"https:\/\/asomistelbach.ac.at\/asomi\/2025\/10\/14\/wissenschaft-sichtbar-machen\/\"><\/a>\r\n      <\/div>\n    <\/div>\n  <\/div><div class=\"item item-840 skin flat odd 5 \">\n        <div class=\"layer-wrapper layout-\">\n        <div class=\"layer-media\"><img decoding=\"async\" alt=\"\" src=\"https:\/\/asomistelbach.ac.at\/asomi\/wp-content\/uploads\/2025\/09\/WhatsApp-Bild-2025-09-05-um-11.10.07_31a078db-e1757527118724-150x150.jpg\" \/><\/div>\n  <div class=\"layer-content\">\n        <div class=\"element element_0  title \">\r\n                    <a target=\"\"\r\n                href=\"https:\/\/asomistelbach.ac.at\/asomi\/2025\/09\/04\/ab-in-den-wald\/\">Ab in den Wald!<\/a>\r\n            <\/div>\r\n    <div class=\"element element_1  excerpt \">\r\n        Ausflug der 1 AB in den Mistelbacher Stadtwald am 4. September            <\/div>\r\n            <a class=\"element element_2  read_more \"\r\n            target=\"\"\r\n            href=\"https:\/\/asomistelbach.ac.at\/asomi\/2025\/09\/04\/ab-in-den-wald\/\"><\/a>\r\n      <\/div>\n    <\/div>\n  <\/div><div class=\"item item-827 skin flat even 6 \">\n        <div class=\"layer-wrapper layout-\">\n        <div class=\"layer-media\"><img decoding=\"async\" alt=\"\" src=\"https:\/\/asomistelbach.ac.at\/asomi\/wp-content\/uploads\/2025\/07\/IMG-20250613-WA0128-150x150.jpg\" \/><\/div>\n  <div class=\"layer-content\">\n        <div class=\"element element_0  title \">\r\n                    <a target=\"\"\r\n                href=\"https:\/\/asomistelbach.ac.at\/asomi\/2025\/06\/13\/ein-tierisch-schoener-ausflug\/\">Ein tierisch sch\u00f6ner Ausflug<\/a>\r\n            <\/div>\r\n    <div class=\"element element_1  excerpt \">\r\n        am 13. Juni 2025 unternahmen die Klassen 1C und 1D\u00a0zur Alpakazucht in Siebenhirten.            <\/div>\r\n            <a class=\"element element_2  read_more \"\r\n            target=\"\"\r\n            href=\"https:\/\/asomistelbach.ac.at\/asomi\/2025\/06\/13\/ein-tierisch-schoener-ausflug\/\"><\/a>\r\n      <\/div>\n    <\/div>\n  <\/div><div class=\"item item-797 skin flat odd 7 \">\n        <div class=\"layer-wrapper layout-\">\n        <div class=\"layer-media\"><img decoding=\"async\" alt=\"\" src=\"https:\/\/asomistelbach.ac.at\/asomi\/wp-content\/uploads\/2025\/06\/IMG_1791-1-150x150.jpg\" \/><\/div>\n  <div class=\"layer-content\">\n        <div class=\"element element_0  title \">\r\n                    <a target=\"\"\r\n                href=\"https:\/\/asomistelbach.ac.at\/asomi\/2025\/06\/06\/bewegung-wasser-und-sonnenschein-unser-ausflug-ins-freibad-mistelbach\/\">Bewegung, Wasser und Sonnenschein<\/a>\r\n            <\/div>\r\n    <div class=\"element element_1  excerpt \">\r\n        Ausflug der 1A und 1B ins Freibad Mistelbach am 6. Juni 2025            <\/div>\r\n            <a class=\"element element_2  read_more \"\r\n            target=\"\"\r\n            href=\"https:\/\/asomistelbach.ac.at\/asomi\/2025\/06\/06\/bewegung-wasser-und-sonnenschein-unser-ausflug-ins-freibad-mistelbach\/\"><\/a>\r\n      <\/div>\n    <\/div>\n  <\/div><div class=\"item item-813 skin flat even 8 \">\n        <div class=\"layer-wrapper layout-\">\n        <div class=\"layer-media\"><img decoding=\"async\" alt=\"\" src=\"https:\/\/asomistelbach.ac.at\/asomi\/wp-content\/uploads\/2025\/07\/IMG-20250519-WA0145-150x150.jpg\" \/><\/div>\n  <div class=\"layer-content\">\n        <div class=\"element element_0  title \">\r\n                    <a target=\"\"\r\n                href=\"https:\/\/asomistelbach.ac.at\/asomi\/2025\/05\/19\/spannender-einblick-in-die-arbeit-des-roten-kreuzes-schueler-der-allgemeinen-sonderschule-zu-besuch\/\">Spannender Einblick in die Arbeit des Roten Kreuzes<\/a>\r\n            <\/div>\r\n    <div class=\"element element_1  excerpt \">\r\n        Exkursion der Klassen 1C und 1D zum Roten Kreuz            <\/div>\r\n            <a class=\"element element_2  read_more \"\r\n            target=\"\"\r\n            href=\"https:\/\/asomistelbach.ac.at\/asomi\/2025\/05\/19\/spannender-einblick-in-die-arbeit-des-roten-kreuzes-schueler-der-allgemeinen-sonderschule-zu-besuch\/\"><\/a>\r\n      <\/div>\n    <\/div>\n  <\/div><div class=\"item item-760 skin flat odd 9 \">\n        <div class=\"layer-wrapper layout-\">\n        <div class=\"layer-media\"><img decoding=\"async\" alt=\"\" src=\"https:\/\/asomistelbach.ac.at\/asomi\/wp-content\/uploads\/2025\/04\/WhatsApp-Bild-2025-04-07-um-17.57.54_e9db62aa-150x150.jpg\" \/><\/div>\n  <div class=\"layer-content\">\n        <div class=\"element element_0  title \">\r\n                    <a target=\"\"\r\n                href=\"https:\/\/asomistelbach.ac.at\/asomi\/2025\/04\/07\/eifriger-osterputz\/\">Eifriger Osterputz<\/a>\r\n            <\/div>\r\n    <div class=\"element element_1  excerpt \">\r\n        die 1E und 1F sammeln M\u00fcll            <\/div>\r\n            <a class=\"element element_2  read_more \"\r\n            target=\"\"\r\n            href=\"https:\/\/asomistelbach.ac.at\/asomi\/2025\/04\/07\/eifriger-osterputz\/\"><\/a>\r\n      <\/div>\n    <\/div>\n  <\/div><div class=\"item item-753 skin flat even 10 \">\n        <div class=\"layer-wrapper layout-\">\n        <div class=\"layer-media\"><img decoding=\"async\" alt=\"\" src=\"https:\/\/asomistelbach.ac.at\/asomi\/wp-content\/uploads\/2025\/03\/IMG_0470-150x150.jpg\" \/><\/div>\n  <div class=\"layer-content\">\n        <div class=\"element element_0  title \">\r\n                    <a target=\"\"\r\n                href=\"https:\/\/asomistelbach.ac.at\/asomi\/2025\/03\/26\/projekt-zusammenwachsen\/\">Projekt \"zusammenWachsen\"<\/a>\r\n            <\/div>\r\n    <div class=\"element element_1  excerpt \">\r\n        Im Geschichtsunterricht pr\u00e4sentierte die 1A der ganzen ASO Mistelbach die Arbeit zum Projekt zusammenWachsen.            <\/div>\r\n            <a class=\"element element_2  read_more \"\r\n            target=\"\"\r\n            href=\"https:\/\/asomistelbach.ac.at\/asomi\/2025\/03\/26\/projekt-zusammenwachsen\/\"><\/a>\r\n      <\/div>\n    <\/div>\n  <\/div><div class=\"item item-745 skin flat odd 11 \">\n        <div class=\"layer-wrapper layout-\">\n        <div class=\"layer-media\"><img decoding=\"async\" alt=\"\" src=\"https:\/\/asomistelbach.ac.at\/asomi\/wp-content\/uploads\/2025\/02\/IMG_9426-1-150x150.jpg\" \/><\/div>\n  <div class=\"layer-content\">\n        <div class=\"element element_0  title \">\r\n                    <a target=\"\"\r\n                href=\"https:\/\/asomistelbach.ac.at\/asomi\/2025\/01\/31\/mimi-unterwegs-am-kirchenberg\/\">Mimi unterwegs... am Kirchenberg<\/a>\r\n            <\/div>\r\n    <div class=\"element element_1  excerpt \">\r\n        gemeinsamer Ausflug der 1A und 1B            <\/div>\r\n            <a class=\"element element_2  read_more \"\r\n            target=\"\"\r\n            href=\"https:\/\/asomistelbach.ac.at\/asomi\/2025\/01\/31\/mimi-unterwegs-am-kirchenberg\/\"><\/a>\r\n      <\/div>\n    <\/div>\n  <\/div><div class=\"item item-774 skin flat even 12 \">\n        <div class=\"layer-wrapper layout-\">\n        <div class=\"layer-media\"><img decoding=\"async\" alt=\"\" src=\"https:\/\/asomistelbach.ac.at\/asomi\/wp-content\/uploads\/2025\/06\/IMG_9057-150x150.jpg\" \/><\/div>\n  <div class=\"layer-content\">\n        <div class=\"element element_0  title \">\r\n                    <a target=\"\"\r\n                href=\"https:\/\/asomistelbach.ac.at\/asomi\/2025\/01\/09\/mit-schwung-uebers-eis-ein-frostiges-abenteuer\/\">Mit Schwung \u00fcbers Eis \u2013 Ein frostiges Abenteuer<\/a>\r\n            <\/div>\r\n    <div class=\"element element_1  excerpt \">\r\n        EISLAUFEN auf der Kunsteisbahn Wolkersdorf \u2013 1A, 1B\u00a0            <\/div>\r\n            <a class=\"element element_2  read_more \"\r\n            target=\"\"\r\n            href=\"https:\/\/asomistelbach.ac.at\/asomi\/2025\/01\/09\/mit-schwung-uebers-eis-ein-frostiges-abenteuer\/\"><\/a>\r\n      <\/div>\n    <\/div>\n  <\/div><div class=\"item item-675 skin flat odd 13 \">\n        <div class=\"layer-wrapper layout-\">\n        <div class=\"layer-media\"><img decoding=\"async\" alt=\"\" src=\"https:\/\/asomistelbach.ac.at\/asomi\/wp-content\/uploads\/2025\/01\/ASO_Krippenspiel_Gruppenfoto_gross_top-150x150.jpg\" \/><\/div>\n  <div class=\"layer-content\">\n        <div class=\"element element_0  title \">\r\n                    <a target=\"\"\r\n                href=\"https:\/\/asomistelbach.ac.at\/asomi\/2024\/12\/20\/krippenspiel-der-aso-mistelbach\/\">Krippenspiel der ASO Mistelbach\u00a0<\/a>\r\n            <\/div>\r\n    <div class=\"element element_1  excerpt \">\r\n        \u00abWir gehen mit euch mit\u00bb, versprechen die Tiere Maria und Josef auf dem Weg nach Bethlehem.            <\/div>\r\n            <a class=\"element element_2  read_more \"\r\n            target=\"\"\r\n            href=\"https:\/\/asomistelbach.ac.at\/asomi\/2024\/12\/20\/krippenspiel-der-aso-mistelbach\/\"><\/a>\r\n      <\/div>\n    <\/div>\n  <\/div><div class=\"item item-667 skin flat even 14 \">\n        <div class=\"layer-wrapper layout-\">\n        <div class=\"layer-media\"><img decoding=\"async\" alt=\"\" src=\"https:\/\/asomistelbach.ac.at\/asomi\/wp-content\/uploads\/2024\/12\/Projekt-Gutes-Sehen_Gutes-Hoeren-ASO-Mistelbach-150x150.jpg\" \/><\/div>\n  <div class=\"layer-content\">\n        <div class=\"element element_0  title \">\r\n                    <a target=\"\"\r\n                href=\"https:\/\/asomistelbach.ac.at\/asomi\/2024\/11\/19\/augen-auf-ohren-auf-projekt-gutes-sehen-und-hoeren\/\">Augen auf! Ohren auf! \u2013 Projekt \u201eGutes Sehen und H\u00f6ren\u201c<\/a>\r\n            <\/div>\r\n    <div class=\"element element_1  excerpt \">\r\n        Erfolgreiches Projekt: Die Grundvoraussetzungen f\u00fcr das Lernen wurden \u00fcberpr\u00fcft.            <\/div>\r\n            <a class=\"element element_2  read_more \"\r\n            target=\"\"\r\n            href=\"https:\/\/asomistelbach.ac.at\/asomi\/2024\/11\/19\/augen-auf-ohren-auf-projekt-gutes-sehen-und-hoeren\/\"><\/a>\r\n      <\/div>\n    <\/div>\n  <\/div><div class=\"item item-656 skin flat odd 15 \">\n        <div class=\"layer-wrapper layout-\">\n        <div class=\"layer-media\"><img decoding=\"async\" alt=\"\" src=\"https:\/\/asomistelbach.ac.at\/asomi\/wp-content\/uploads\/2024\/11\/Bild1-e1733389614135-150x150.jpg\" \/><\/div>\n  <div class=\"layer-content\">\n        <div class=\"element element_0  title \">\r\n                    <a target=\"\"\r\n                href=\"https:\/\/asomistelbach.ac.at\/asomi\/2024\/11\/13\/aufregende-laternen-lese-nacht\/\">Aufregende Laternen-Lese-Nacht<\/a>\r\n            <\/div>\r\n    <div class=\"element element_1  excerpt \">\r\n        Die Klassen 1E\/F veranstalteten ein Laternenfest und \u00fcbernachteten in der Schule.            <\/div>\r\n            <a class=\"element element_2  read_more \"\r\n            target=\"\"\r\n            href=\"https:\/\/asomistelbach.ac.at\/asomi\/2024\/11\/13\/aufregende-laternen-lese-nacht\/\"><\/a>\r\n      <\/div>\n    <\/div>\n  <\/div><div class=\"item item-670 skin flat even 16 \">\n        <div class=\"layer-wrapper layout-\">\n        <div class=\"layer-media\"><img decoding=\"async\" alt=\"\" src=\"https:\/\/asomistelbach.ac.at\/asomi\/wp-content\/uploads\/2024\/12\/Erntedank-Schulesse-2024-150x150.jpeg\" \/><\/div>\n  <div class=\"layer-content\">\n        <div class=\"element element_0  title \">\r\n                    <a target=\"\"\r\n                href=\"https:\/\/asomistelbach.ac.at\/asomi\/2024\/10\/25\/erntedank-schulmesse-im-pbz-mistelbach\/\">Erntedank-Schulmesse im PBZ Mistelbach<\/a>\r\n            <\/div>\r\n    <div class=\"element element_1  excerpt \">\r\n        mit Pfarrer Johannes und den Bewohnerinnen und Bewohnern des Pflege und Betreuungszentrums Mistelbach            <\/div>\r\n            <a class=\"element element_2  read_more \"\r\n            target=\"\"\r\n            href=\"https:\/\/asomistelbach.ac.at\/asomi\/2024\/10\/25\/erntedank-schulmesse-im-pbz-mistelbach\/\"><\/a>\r\n      <\/div>\n    <\/div>\n  <\/div><div class=\"item item-644 skin flat odd 17 \">\n        <div class=\"layer-wrapper layout-\">\n        <div class=\"layer-media\"><img decoding=\"async\" alt=\"\" src=\"https:\/\/asomistelbach.ac.at\/asomi\/wp-content\/uploads\/2024\/10\/thumbnail_IMG_8121-e1733389840647-150x150.jpg\" \/><\/div>\n  <div class=\"layer-content\">\n        <div class=\"element element_0  title \">\r\n                    <a target=\"\"\r\n                href=\"https:\/\/asomistelbach.ac.at\/asomi\/2024\/10\/18\/exkursion-mamuz\/\">Exkursion MAMUZ<\/a>\r\n            <\/div>\r\n    <div class=\"element element_1  excerpt \">\r\n        die 1A und 1B auf den Spuren der Kelten            <\/div>\r\n            <a class=\"element element_2  read_more \"\r\n            target=\"\"\r\n            href=\"https:\/\/asomistelbach.ac.at\/asomi\/2024\/10\/18\/exkursion-mamuz\/\"><\/a>\r\n      <\/div>\n    <\/div>\n  <\/div><div class=\"item item-576 skin flat even 18 \">\n        <div class=\"layer-wrapper layout-\">\n        <div class=\"layer-media\"><img decoding=\"async\" alt=\"\" src=\"https:\/\/asomistelbach.ac.at\/asomi\/wp-content\/uploads\/2024\/06\/20240605_102316-scaled-e1733389928188-150x150.jpg\" \/><\/div>\n  <div class=\"layer-content\">\n        <div class=\"element element_0  title \">\r\n                    <a target=\"\"\r\n                href=\"https:\/\/asomistelbach.ac.at\/asomi\/2024\/06\/05\/lehrausgang-zur-ita\/\">Lehrausgang zur ITA<\/a>\r\n            <\/div>\r\n    <div class=\"element element_1  excerpt \">\r\n        Schul\u00fcbergreifender Lehrausgang der ASO und der NMS Mistelbach zur ITA FIT G\u00e4nserndorf \u2013 Individualisierte TeilAusbildungsst\u00e4tte \/ Fachspezifische Schule f\u00fcr individualisierte            <\/div>\r\n            <a class=\"element element_2  read_more \"\r\n            target=\"\"\r\n            href=\"https:\/\/asomistelbach.ac.at\/asomi\/2024\/06\/05\/lehrausgang-zur-ita\/\"><\/a>\r\n      <\/div>\n    <\/div>\n  <\/div><div class=\"item item-566 skin flat odd 19 \">\n        <div class=\"layer-wrapper layout-\">\n        <div class=\"layer-media\"><img decoding=\"async\" alt=\"\" src=\"https:\/\/asomistelbach.ac.at\/asomi\/wp-content\/uploads\/2024\/07\/Gruppe-Schrick-scaled-e1733391341842-150x150.jpg\" \/><\/div>\n  <div class=\"layer-content\">\n        <div class=\"element element_0  title \">\r\n                    <a target=\"\"\r\n                href=\"https:\/\/asomistelbach.ac.at\/asomi\/2024\/06\/03\/wasser-marsch\/\">\u201eWasser - Marsch!\u201c<\/a>\r\n            <\/div>\r\n    <div class=\"element element_1  excerpt \">\r\n        Sonderschule Mistelbach zu Besuch bei der Feuerwehr Schrick            <\/div>\r\n            <a class=\"element element_2  read_more \"\r\n            target=\"\"\r\n            href=\"https:\/\/asomistelbach.ac.at\/asomi\/2024\/06\/03\/wasser-marsch\/\"><\/a>\r\n      <\/div>\n    <\/div>\n  <\/div>    <\/div>\n    <div class=\"pagination\">\n      <div class=\"paginate\">\n    <span aria-current=\"page\" class=\"page-numbers current\">1<\/span>\n<a class=\"page-numbers\" href=\"https:\/\/asomistelbach.ac.at\/asomi\/wp-json\/wp\/v2\/pages\/226\/page\/2\/\">2<\/a>\n<a class=\"next page-numbers\" href=\"https:\/\/asomistelbach.ac.at\/asomi\/wp-json\/wp\/v2\/pages\/226\/page\/2\/\">Next \u00bb<\/a>  <\/div>\n  <style type=\"text\/css\">\n    #post-grid-235 .pagination .page-numbers {\n      font-size: 16px;\n      color: #fff;\n      background: #646464;\n    }\n\n    #post-grid-235 .pagination .page-numbers:hover,\n    #post-grid-235 .pagination .page-numbers.current {\n      background: #4b4b4b;\n    }\n  <\/style>\n  <\/div>\n      <script>\n          <\/script>\n    <style type=\"text\/css\">\n    #post-grid-235 .element_0 {\n      display: block;font-size: 21px;line-height: normal;padding: 5px 10px;text-align: left;    }\n\n    #post-grid-235 .element_1 {\n      display: block;font-size: 12px;padding: 5px 10px;text-align: left;    }\n\n    #post-grid-235 .element_2 {\n      display: block;font-size: 12px;font-weight: bold;padding: 0 10px;text-align: left;    }\n\n    #post-grid-235 .element_0:hover{}#post-grid-235 .element_1:hover{}#post-grid-235 .element_2:hover{}  <\/style>\n  <style type=\"text\/css\">\n    #post-grid-235 {\n      padding: 10px;\n          }\n\n    #post-grid-235 .item {\n      padding: 0px;\n      background: #fff;\n          }\n\n    #post-grid-235 .item .layer-media {\n      height:auto;    }\n\n    @media only screen and (min-width: 0px) and (max-width: 767px) {\n      #post-grid-235 .grid-items {\n        text-align: center;\n              }\n\n      #post-grid-235 .item {\n        width: 90%;\n        margin: 10px;\n        display: inline-block;\n        vertical-align: top;\n        height:auto;      }\n    }\n\n    @media only screen and (min-width: 768px) and (max-width: 1023px) {\n      #post-grid-235 .grid-items {\n        text-align: center;\n              }\n\n      #post-grid-235 .item {\n        width: 280px;\n        margin: 10px;\n        display: inline-block;\n        vertical-align: top;\n        max-height:auto;      }\n    }\n\n    @media only screen and (min-width: 1024px) {\n      #post-grid-235 .grid-items {\n        text-align: center;\n              }\n\n      #post-grid-235 .item {\n        width: 280px;\n        display: inline-block;\n        margin: 10px;\n        vertical-align: top;\n        height:auto;      }\n    }\n\n      <\/style>\n  <\/div>\n\n","protected":false},"excerpt":{"rendered":"","protected":false},"author":1,"featured_media":0,"parent":0,"menu_order":0,"comment_status":"closed","ping_status":"closed","template":"","meta":{"footnotes":""},"class_list":["post-226","page","type-page","status-publish","hentry","latest_post"],"_links":{"self":[{"href":"https:\/\/asomistelbach.ac.at\/asomi\/wp-json\/wp\/v2\/pages\/226","targetHints":{"allow":["GET"]}}],"collection":[{"href":"https:\/\/asomistelbach.ac.at\/asomi\/wp-json\/wp\/v2\/pages"}],"about":[{"href":"https:\/\/asomistelbach.ac.at\/asomi\/wp-json\/wp\/v2\/types\/page"}],"author":[{"embeddable":true,"href":"https:\/\/asomistelbach.ac.at\/asomi\/wp-json\/wp\/v2\/users\/1"}],"replies":[{"embeddable":true,"href":"https:\/\/asomistelbach.ac.at\/asomi\/wp-json\/wp\/v2\/comments?post=226"}],"version-history":[{"count":3,"href":"https:\/\/asomistelbach.ac.at\/asomi\/wp-json\/wp\/v2\/pages\/226\/revisions"}],"predecessor-version":[{"id":239,"href":"https:\/\/asomistelbach.ac.at\/asomi\/wp-json\/wp\/v2\/pages\/226\/revisions\/239"}],"wp:attachment":[{"href":"https:\/\/asomistelbach.ac.at\/asomi\/wp-json\/wp\/v2\/media?parent=226"}],"curies":[{"name":"wp","href":"https:\/\/api.w.org\/{rel}","templated":true}]}}